{"id":7492,"date":"2024-11-21T23:49:19","date_gmt":"2024-11-21T22:49:19","guid":{"rendered":"https:\/\/www.acj-clairmatin.fr\/?page_id=7492"},"modified":"2024-11-22T12:52:56","modified_gmt":"2024-11-22T11:52:56","slug":"jour-1-accueil","status":"publish","type":"page","link":"https:\/\/www.acj-clairmatin.fr\/?page_id=7492","title":{"rendered":"Jour 1: Accueil"},"content":{"rendered":"\n<p style=\"text-align: justify;\"><strong><span style=\"color: #0000ff; font-family: 'comic sans ms', sans-serif;\">2 Oct.: Arriv\u00e9e des choristes <\/span><span style=\"color: #0000ff; font-family: 'comic sans ms', sans-serif;\">\u00e0 Toulon &#8211; A<\/span><span style=\"color: #0000ff; font-family: 'comic sans ms', sans-serif;\">ccueil par les choristes de Clair Matin<\/span><\/strong><\/p>\n<p><span style=\"color: #0000ff; font-family: 'comic sans ms', sans-serif;\"><img loading=\"lazy\" decoding=\"async\" class=\"alignleft  wp-image-7174\" src=\"https:\/\/www.acj-clairmatin.fr\/wp-content\/uploads\/2024\/11\/3114213a-9c38-46b3-b8ce-ffe361692aba-300x169.jpg\" alt=\"\" width=\"204\" height=\"115\" srcset=\"https:\/\/www.acj-clairmatin.fr\/wp-content\/uploads\/2024\/11\/3114213a-9c38-46b3-b8ce-ffe361692aba-300x169.jpg 300w, https:\/\/www.acj-clairmatin.fr\/wp-content\/uploads\/2024\/11\/3114213a-9c38-46b3-b8ce-ffe361692aba-768x432.jpg 768w, https:\/\/www.acj-clairmatin.fr\/wp-content\/uploads\/2024\/11\/3114213a-9c38-46b3-b8ce-ffe361692aba-1536x864.jpg 1536w, https:\/\/www.acj-clairmatin.fr\/wp-content\/uploads\/2024\/11\/3114213a-9c38-46b3-b8ce-ffe361692aba.jpg 1600w\" sizes=\"auto, (max-width: 204px) 100vw, 204px\" \/><\/span><\/p>\n<p style=\"text-align: justify;\"><span style=\"color: #0000ff;\"><span style=\"font-family: 'comic sans ms', sans-serif;\">Nos amis allemands du Singkreis-Seckenheim sont arriv\u00e9s \u00e0 Toulon en soir\u00e9e, en train direct depuis Mannheim \u00a0 et ont \u00e9t\u00e9 accueillis par quelques membres de la chorale Clair Matin. <\/span><\/span><\/p>\n<p style=\"text-align: justify;\"><span style=\"color: #0000ff;\"><span style=\"font-family: 'comic sans ms', sans-serif;\">Une courte travers\u00e9e de la ville \u00e0 pied pour rejoindre l&rsquo;h\u00f4tel, \u00a0(les bagages \u00e9tant transport\u00e9s par minibus), et d\u00e9j\u00e0 un chant est entonn\u00e9 \u00a0sur la place du th\u00e9\u00e2tre, avant un verre d&rsquo;amiti\u00e9 impr\u00e9vu \u00e0 l&rsquo;h\u00f4tel qui a permis \u00e0 tous les pr\u00e9sents de faire<\/span> <img loading=\"lazy\" decoding=\"async\" class=\"alignleft  wp-image-7180\" src=\"https:\/\/www.acj-clairmatin.fr\/wp-content\/uploads\/2024\/11\/2096b421-ca84-4ba7-8efe-228e9e322493-300x154.jpg\" alt=\"\" width=\"214\" height=\"110\" srcset=\"https:\/\/www.acj-clairmatin.fr\/wp-content\/uploads\/2024\/11\/2096b421-ca84-4ba7-8efe-228e9e322493-300x154.jpg 300w, https:\/\/www.acj-clairmatin.fr\/wp-content\/uploads\/2024\/11\/2096b421-ca84-4ba7-8efe-228e9e322493-768x393.jpg 768w, https:\/\/www.acj-clairmatin.fr\/wp-content\/uploads\/2024\/11\/2096b421-ca84-4ba7-8efe-228e9e322493.jpg 1341w\" sizes=\"auto, (max-width: 214px) 100vw, 214px\" \/><span style=\"font-family: 'comic sans ms', sans-serif;\">connaissance, d&rsquo;\u00e9changer dans une ambiance conviviale et de discuter du programme du s\u00e9jour.<\/span><\/span><img loading=\"lazy\" decoding=\"async\" class=\"wp-image-7177 alignright\" src=\"https:\/\/www.acj-clairmatin.fr\/wp-content\/uploads\/2024\/11\/IMG_1745-300x225.jpeg\" alt=\"\" width=\"201\" height=\"151\" srcset=\"https:\/\/www.acj-clairmatin.fr\/wp-content\/uploads\/2024\/11\/IMG_1745-300x225.jpeg 300w, https:\/\/www.acj-clairmatin.fr\/wp-content\/uploads\/2024\/11\/IMG_1745-1440x1080.jpeg 1440w, https:\/\/www.acj-clairmatin.fr\/wp-content\/uploads\/2024\/11\/IMG_1745-768x576.jpeg 768w, https:\/\/www.acj-clairmatin.fr\/wp-content\/uploads\/2024\/11\/IMG_1745-1536x1152.jpeg 1536w, https:\/\/www.acj-clairmatin.fr\/wp-content\/uploads\/2024\/11\/IMG_1745-2048x1536.jpeg 2048w\" sizes=\"auto, (max-width: 201px) 100vw, 201px\" \/><\/p>\n<h4><img loading=\"lazy\" decoding=\"async\" class=\"wp-image-7179 alignright\" src=\"https:\/\/www.acj-clairmatin.fr\/wp-content\/uploads\/2024\/11\/IMG_1753-300x187.jpeg\" alt=\"\" width=\"228\" height=\"142\" srcset=\"https:\/\/www.acj-clairmatin.fr\/wp-content\/uploads\/2024\/11\/IMG_1753-300x187.jpeg 300w, https:\/\/www.acj-clairmatin.fr\/wp-content\/uploads\/2024\/11\/IMG_1753-1736x1080.jpeg 1736w, https:\/\/www.acj-clairmatin.fr\/wp-content\/uploads\/2024\/11\/IMG_1753-768x478.jpeg 768w, https:\/\/www.acj-clairmatin.fr\/wp-content\/uploads\/2024\/11\/IMG_1753-1536x956.jpeg 1536w, https:\/\/www.acj-clairmatin.fr\/wp-content\/uploads\/2024\/11\/IMG_1753-2048x1274.jpeg 2048w\" sizes=\"auto, (max-width: 228px) 100vw, 228px\" \/><\/h4>\n<h4>\u00a0<\/h4>\n<h4>\u00a0<\/h4>\n<h4>\u00a0<\/h4>\n<h4>\u00a0<\/h4>\n<h4>\u00a0<\/h4>\n<p>\u00a0<\/p>\n\n\n\n<p><span style=\"font-size: 14pt; font-family: 'comic sans ms', sans-serif;\"><a href=\"https:\/\/www.acj-clairmatin.fr\/?page_id=7275\"><span style=\"color: #0000ff;\">Retour<\/span> <\/a><\/span><\/p>\n","protected":false},"excerpt":{"rendered":"<p>2 Oct.: Arriv\u00e9e des choristes \u00e0 Toulon &#8211; Accueil par les choristes de Clair Matin Nos amis allemands du Singkreis-Seckenheim sont arriv\u00e9s \u00e0 Toulon en soir\u00e9e, en train direct depuis Mannheim \u00a0 et ont \u00e9t\u00e9 accueillis par quelques membres de la chorale Clair Matin. Une courte travers\u00e9e de la ville \u00e0 pied pour rejoindre l&rsquo;h\u00f4tel, \u00a0(les bagages \u00e9tant transport\u00e9s par minibus), et d\u00e9j\u00e0 un chant est entonn\u00e9 \u00a0sur la place du th\u00e9\u00e2tre, avant un verre d&rsquo;amiti\u00e9 impr\u00e9vu \u00e0 l&rsquo;h\u00f4tel qui a permis \u00e0 tous les pr\u00e9sents de faire connaissance, d&rsquo;\u00e9changer dans une ambiance conviviale et de discuter du programme du&#46;&#46;&#46;<\/p>\n","protected":false},"author":5,"featured_media":0,"parent":0,"menu_order":0,"comment_status":"closed","ping_status":"closed","template":"","meta":{"footnotes":""},"class_list":["post-7492","page","type-page","status-publish","hentry"],"jetpack_sharing_enabled":true,"_links":{"self":[{"href":"https:\/\/www.acj-clairmatin.fr\/index.php?rest_route=\/wp\/v2\/pages\/7492","targetHints":{"allow":["GET"]}}],"collection":[{"href":"https:\/\/www.acj-clairmatin.fr\/index.php?rest_route=\/wp\/v2\/pages"}],"about":[{"href":"https:\/\/www.acj-clairmatin.fr\/index.php?rest_route=\/wp\/v2\/types\/page"}],"author":[{"embeddable":true,"href":"https:\/\/www.acj-clairmatin.fr\/index.php?rest_route=\/wp\/v2\/users\/5"}],"replies":[{"embeddable":true,"href":"https:\/\/www.acj-clairmatin.fr\/index.php?rest_route=%2Fwp%2Fv2%2Fcomments&post=7492"}],"version-history":[{"count":2,"href":"https:\/\/www.acj-clairmatin.fr\/index.php?rest_route=\/wp\/v2\/pages\/7492\/revisions"}],"predecessor-version":[{"id":7536,"href":"https:\/\/www.acj-clairmatin.fr\/index.php?rest_route=\/wp\/v2\/pages\/7492\/revisions\/7536"}],"wp:attachment":[{"href":"https:\/\/www.acj-clairmatin.fr\/index.php?rest_route=%2Fwp%2Fv2%2Fmedia&parent=7492"}],"curies":[{"name":"wp","href":"https:\/\/api.w.org\/{rel}","templated":true}]}}